{"id":336,"date":"2019-12-14T11:42:01","date_gmt":"2019-12-14T09:42:01","guid":{"rendered":"http:\/\/angelikahensgen.hensgen.de\/?page_id=336"},"modified":"2022-08-18T11:24:55","modified_gmt":"2022-08-18T09:24:55","slug":"aktuelles","status":"publish","type":"page","link":"https:\/\/angelikahensgen.hensgen.de\/?page_id=336","title":{"rendered":"Aktuelles \/ Politik"},"content":{"rendered":"\n<p><strong>Der 24.2.22 und kein Ende&#8230;<\/strong><\/p>\n\n\n\n<p>Keine Ahnung, seit dem 1. M\u00e4rz hab ich hier nichts mehr eingetragen, damals dachte ich noch, wenn der Krieg vorbei ist, ja, dann &#8211; Freude, Jubel, die Entscheidungstr\u00e4ger*innen Europas, der Welt haben es endlich mal geschafft, einen Krieg schnell zu beenden. Aber das bringen sie nicht. Was f\u00fcr mich hei\u00dft: die Regierenden scheinen Krieg zu begr\u00fc\u00dfen. Krieg als Konfliktl\u00f6sungsstrategie in einer Zeit, in der die Menschheit an einem Strick ziehen sollte, damit ein Leben, wie wir es kennen auch f\u00fcr die n\u00e4chsten Generationen noch m\u00f6glich ist. Was viele Menschen l\u00e4ngst erkannt haben, diejenigen, die entscheiden, leben immer noch im letzten Jahrhundert. Sie tun, als ob die ganze Erde eine Fundgrube endloser Ressourcen ist und wir von ihr nehmen k\u00f6nne, was uns einf\u00e4llt und uns noch drum schlagen, wer das gr\u00f6\u00dfte St\u00fcck bekommt oder wer das Sagen hat. Warum vertrauen wir solchen Ignorant*innen? Wieso meinen wir, die k\u00f6nnten es besser als wir? Wieso vertrauten wir nicht eher den Warner*innen des letzten Jahrhunderts? Weil immer noch der Tanz ums goldene Kalb das H\u00f6chste ist und dieser Tanz wird der Krone der Sch\u00f6pfung demn\u00e4chst das Genick brechen. Denn mehr als Spenden sammeln f\u00e4llt vielen Organisationen nicht ein und das seit Jahrzehnten. Es gibt wieder eine Organisation mehr hier und da, aber niemand verlangt Wiedergutmachung von den Verursacher*innen. Ok, ich zitiere hier mal die Schriftstellerin und Malerin Hilde Rubinstein (1904-1997), die schon in den 60ger Jahren des letzten Jahrhunderts deutlich einen gesellschaftlichen Zustand beschrieb, der einen Richtungswechsel notwendig gemacht h\u00e4tte:<\/p>\n\n\n\n<p><strong>&#8222;Die Industrie-Gesellschaft hat auf der \u00e4u\u00dferen N\u00fctzlichkeitsebene bereits so viel erreicht, dass sie sorglos eine Pause von f\u00fcnfzig Jahren einschieben k\u00f6nnte, gern eine l\u00e4ngere \u201eWachstumspause\u201c-Pause. Denn weitere technische Fortschritte er\u00fcbrigen sich \u2013 die elektrische Zahnb\u00fcrste, das Zweitauto der Familie (um nur einige Beispiele zu geben) sollten weggelassen werden. In einem ruhenden halben oder ganzen Jahrhundert k\u00f6nnte den technisch unterentwickelten V\u00f6lkern geholfen werden, zur Grenze einer legitimen Entwicklung zu gelangen, um es nicht mehr n\u00f6tig zu haben, ihre W\u00e4sche in schmutzigen B\u00e4chen zu waschen \u2013 und siebzehn Millionen Kinder sterben zu lassen.\u201c &nbsp;<\/strong>     ( aus &#8222;Spielend leben&#8220; in der Sammlung <em>Tiefgefrorenes Reh<\/em>, Henschelverlag, Berlin 1987)<\/p>\n\n\n\n<p>Jo, und nun haben wir 2022 und die Entscheidungstr\u00e4ger*innen der Welt sind keinen Schritt weiter. Im Gegenteil, sie haben locker den 1972 ver\u00f6ffentlichten Bericht <em>Die Grenzen des Wachstums <\/em>des Club of Rome und genauso die Studie des \u00d6lriesen Exxon von 1982, der genau voraussagte, wie stark die Erderw\u00e4rmung 2019 ausf\u00e4llt, ignoriert, unter den Teppich gekehrt, whatever, Hauptsache weitermachen wie bisher O.O. Es gibt genug Menschen, die das alles wissen, aber die Gierigen, die Spinner, die Geld und Macht f\u00fcr das H\u00f6chste halten, die schmei\u00dfen wir einfach nicht in den Kerker&#8230;<\/p>\n\n\n\n<p><strong>F\u00fcr das Klima in K\u00f6ln am 19.3.21<\/strong><\/p>\n\n\n\n<p>Danke FFFK\u00f6ln und Unterst\u00fctzer*innen, danke an alle , die da waren! Mit Masken und Abstand wurde friedlich demonstriert und informiert:)<\/p>\n\n\n\n<figure class=\"wp-block-image size-large is-resized\"><img loading=\"lazy\" decoding=\"async\" src=\"https:\/\/angelikahensgen.hensgen.de\/wp-content\/uploads\/2021\/03\/19.3.-1-1024x1024.jpg\" alt=\"\" class=\"wp-image-482\" width=\"512\" height=\"512\" srcset=\"https:\/\/angelikahensgen.hensgen.de\/wp-content\/uploads\/2021\/03\/19.3.-1-1024x1024.jpg 1024w, https:\/\/angelikahensgen.hensgen.de\/wp-content\/uploads\/2021\/03\/19.3.-1-300x300.jpg 300w, https:\/\/angelikahensgen.hensgen.de\/wp-content\/uploads\/2021\/03\/19.3.-1-150x150.jpg 150w, https:\/\/angelikahensgen.hensgen.de\/wp-content\/uploads\/2021\/03\/19.3.-1-768x768.jpg 768w, https:\/\/angelikahensgen.hensgen.de\/wp-content\/uploads\/2021\/03\/19.3.-1-1536x1536.jpg 1536w, https:\/\/angelikahensgen.hensgen.de\/wp-content\/uploads\/2021\/03\/19.3.-1.jpg 1564w\" sizes=\"auto, (max-width: 512px) 100vw, 512px\" \/><\/figure>\n\n\n\n<figure class=\"wp-block-gallery columns-0 is-cropped wp-block-gallery-1 is-layout-flex wp-block-gallery-is-layout-flex\"><ul class=\"blocks-gallery-grid\"><\/ul><figcaption class=\"blocks-gallery-caption\"><strong>Der 19.3.21 in K\u00f6ln:) Neumarkt, Heumarkt, Rudolfplatz, Friesenplatz, Ring n\u00e4he Christophstra\u00dfe<\/strong><\/figcaption><\/figure>\n\n\n\n<figure class=\"wp-block-image size-large is-resized\"><img loading=\"lazy\" decoding=\"async\" src=\"https:\/\/angelikahensgen.hensgen.de\/wp-content\/uploads\/2021\/03\/ProfilePicture-1024x1024.png\" alt=\"\" class=\"wp-image-478\" width=\"512\" height=\"512\" srcset=\"https:\/\/angelikahensgen.hensgen.de\/wp-content\/uploads\/2021\/03\/ProfilePicture-1024x1024.png 1024w, https:\/\/angelikahensgen.hensgen.de\/wp-content\/uploads\/2021\/03\/ProfilePicture-300x300.png 300w, https:\/\/angelikahensgen.hensgen.de\/wp-content\/uploads\/2021\/03\/ProfilePicture-150x150.png 150w, https:\/\/angelikahensgen.hensgen.de\/wp-content\/uploads\/2021\/03\/ProfilePicture-768x768.png 768w, https:\/\/angelikahensgen.hensgen.de\/wp-content\/uploads\/2021\/03\/ProfilePicture.png 1200w\" sizes=\"auto, (max-width: 512px) 100vw, 512px\" \/><figcaption>Hoffe ihr habt mitgemacht<\/figcaption><\/figure>\n\n\n\n<p><\/p>\n\n\n\n<p>Auch Corona darf nicht ablenken von Klimakrise und sozialer Ungerechtigkeit, die in den Zeiten der Pandemie die Maske fallen l\u00e4sst.<\/p>\n\n\n\n<figure class=\"wp-block-image size-large is-resized\"><img loading=\"lazy\" decoding=\"async\" src=\"https:\/\/angelikahensgen.hensgen.de\/wp-content\/uploads\/2021\/02\/IMG_20201102_104154_853-1024x1024.jpg\" alt=\"\" class=\"wp-image-428\" width=\"512\" height=\"512\" srcset=\"https:\/\/angelikahensgen.hensgen.de\/wp-content\/uploads\/2021\/02\/IMG_20201102_104154_853-1024x1024.jpg 1024w, https:\/\/angelikahensgen.hensgen.de\/wp-content\/uploads\/2021\/02\/IMG_20201102_104154_853-300x300.jpg 300w, https:\/\/angelikahensgen.hensgen.de\/wp-content\/uploads\/2021\/02\/IMG_20201102_104154_853-150x150.jpg 150w, https:\/\/angelikahensgen.hensgen.de\/wp-content\/uploads\/2021\/02\/IMG_20201102_104154_853-768x768.jpg 768w, https:\/\/angelikahensgen.hensgen.de\/wp-content\/uploads\/2021\/02\/IMG_20201102_104154_853-1536x1536.jpg 1536w, https:\/\/angelikahensgen.hensgen.de\/wp-content\/uploads\/2021\/02\/IMG_20201102_104154_853.jpg 1564w\" sizes=\"auto, (max-width: 512px) 100vw, 512px\" \/><figcaption>Auch mit Masken zur Demo &#8211; hier auf den Gleuler Wiesen K\u00f6ln<\/figcaption><\/figure>\n\n\n\n<h2 class=\"has-text-align-center wp-block-heading\">Alle zusammen f\u00fcr das Klima auf der Stra\u00dfe und im Netz<\/h2>\n\n\n\n<div class=\"wp-block-image\"><figure class=\"aligncenter size-large is-resized\"><img loading=\"lazy\" decoding=\"async\" src=\"https:\/\/angelikahensgen.hensgen.de\/wp-content\/uploads\/2020\/10\/20200925_094513-1024x1024.png\" alt=\"\" class=\"wp-image-409\" width=\"324\" height=\"324\" srcset=\"https:\/\/angelikahensgen.hensgen.de\/wp-content\/uploads\/2020\/10\/20200925_094513-1024x1024.png 1024w, https:\/\/angelikahensgen.hensgen.de\/wp-content\/uploads\/2020\/10\/20200925_094513-300x300.png 300w, https:\/\/angelikahensgen.hensgen.de\/wp-content\/uploads\/2020\/10\/20200925_094513-150x150.png 150w, https:\/\/angelikahensgen.hensgen.de\/wp-content\/uploads\/2020\/10\/20200925_094513-768x768.png 768w, https:\/\/angelikahensgen.hensgen.de\/wp-content\/uploads\/2020\/10\/20200925_094513.png 1200w\" sizes=\"auto, (max-width: 324px) 100vw, 324px\" \/><figcaption> Klimastreik &amp; Klima-Demos am 25.9.2020 \/ 25. September waren sehr erfolgreich! Mit so vielen Menschen wie Corona gestattete;)<\/figcaption><\/figure><\/div>\n\n\n\n<figure class=\"wp-block-image size-large is-resized\"><img loading=\"lazy\" decoding=\"async\" src=\"https:\/\/angelikahensgen.hensgen.de\/wp-content\/uploads\/2020\/10\/IMG_20200427_163726_799-1-1024x1024.jpg\" alt=\"\" class=\"wp-image-408\" width=\"512\" height=\"512\" srcset=\"https:\/\/angelikahensgen.hensgen.de\/wp-content\/uploads\/2020\/10\/IMG_20200427_163726_799-1-1024x1024.jpg 1024w, https:\/\/angelikahensgen.hensgen.de\/wp-content\/uploads\/2020\/10\/IMG_20200427_163726_799-1-300x300.jpg 300w, https:\/\/angelikahensgen.hensgen.de\/wp-content\/uploads\/2020\/10\/IMG_20200427_163726_799-1-150x150.jpg 150w, https:\/\/angelikahensgen.hensgen.de\/wp-content\/uploads\/2020\/10\/IMG_20200427_163726_799-1-768x768.jpg 768w, https:\/\/angelikahensgen.hensgen.de\/wp-content\/uploads\/2020\/10\/IMG_20200427_163726_799-1-1536x1536.jpg 1536w, https:\/\/angelikahensgen.hensgen.de\/wp-content\/uploads\/2020\/10\/IMG_20200427_163726_799-1.jpg 1564w\" sizes=\"auto, (max-width: 512px) 100vw, 512px\" \/><figcaption><em><strong>Save our<\/strong><\/em> wonderful world!<\/figcaption><\/figure>\n\n\n<p><!--EndFragment--><\/p>\n<h4><span style=\"color: #000000;\">Fridays For Future 13.12.2019<\/span><\/h4>\n<p>Fridays For Future wird ein Jahr alt! Die Jugend hat wahnsinnig viel geschafft! 52 Wochen Streik haben dazu gef\u00fchrt, dass die Klimakrise im breiten \u00f6ffentlichen und politischen Bewusstsein angekommen ist &#8211; die Regierungen zum Handeln gebracht haben sie leider noch nicht:( In dieser humanit\u00e4ren Krise ist Aufgeben f\u00fcr die Jugend Gott sei Dank keine Option. Gleich ob zum ersten oder 53. Mal &#8211; seid zur Geburtstagsparty dabei! Danach: Freut Euch auf neue Aktionsformen, macht mit und unterst\u00fctzt die jungen Menschen &#8211; es geht nur zusammen!!!<\/p>\n<p><\/p>\n<ul class=\"wp-block-gallery aligncenter columns-1 is-cropped\">\n<li class=\"blocks-gallery-item\">\n<figure><img loading=\"lazy\" decoding=\"async\" width=\"1024\" height=\"1024\" class=\"wp-image-334\" src=\"https:\/\/angelikahensgen.hensgen.de\/wp-content\/uploads\/2019\/12\/IMG_20191212_111224_982-1024x1024.jpg\" alt=\"\" data-id=\"334\" data-link=\"https:\/\/angelikahensgen.hensgen.de\/?attachment_id=334\" srcset=\"https:\/\/angelikahensgen.hensgen.de\/wp-content\/uploads\/2019\/12\/IMG_20191212_111224_982-1024x1024.jpg 1024w, https:\/\/angelikahensgen.hensgen.de\/wp-content\/uploads\/2019\/12\/IMG_20191212_111224_982-150x150.jpg 150w, https:\/\/angelikahensgen.hensgen.de\/wp-content\/uploads\/2019\/12\/IMG_20191212_111224_982-300x300.jpg 300w, https:\/\/angelikahensgen.hensgen.de\/wp-content\/uploads\/2019\/12\/IMG_20191212_111224_982-768x768.jpg 768w, https:\/\/angelikahensgen.hensgen.de\/wp-content\/uploads\/2019\/12\/IMG_20191212_111224_982.jpg 1564w\" sizes=\"auto, (max-width: 1024px) 100vw, 1024px\" \/><\/figure>\n<\/li>\n<\/ul>\n<h4><span style=\"color: #000000;\">Erinnerung\/Reminder<\/span><\/h4>\n<p><\/p>\n<p>Das Schaukelpferd unserer j\u00fcngsten Tochter (unten im Bild) ist \u00fcber drei\u00dfig Jahre alt&#8230; unsere Enkelkinder nutzten und nutzen es auch alle&#8230; ich w\u00fcnsche mir, dass auch die n\u00e4chsten Generationen \u00fcberall auf dem Planeten die M\u00f6glichkeit haben \u00e4hnlich zu leben wie wir (lieber mit Einschr\u00e4nkungen als gar nicht)&#8230; folgt den Wissenschaftlern und Politikern, die sich mit &#8222;Degrowth&#8220; (Postwachstum, Wachstumsr\u00fccknahme) besch\u00e4ftigen und schon Handlungsvorschl\u00e4ge f\u00fcr die EU entwarfen&#8230; das vielgeliebte &#8222;Wachstum&#8220; h\u00e4lt nur noch Pillen f\u00fcr den &#8222;\u00d6kozid&#8220; bereit. Bis morgen dann!<\/p>\n<p><\/p>\n<p>&#8230;<\/p>\n<p><\/p>\n<ul class=\"wp-block-gallery columns-1 is-cropped\">\n<li class=\"blocks-gallery-item\">\n<figure><img loading=\"lazy\" decoding=\"async\" width=\"1024\" height=\"1024\" class=\"wp-image-277\" src=\"https:\/\/angelikahensgen.hensgen.de\/wp-content\/uploads\/2019\/11\/IMG_20191128_103525_778-1024x1024.jpg\" alt=\"\" data-id=\"277\" data-link=\"https:\/\/angelikahensgen.hensgen.de\/?attachment_id=277\" srcset=\"https:\/\/angelikahensgen.hensgen.de\/wp-content\/uploads\/2019\/11\/IMG_20191128_103525_778-1024x1024.jpg 1024w, https:\/\/angelikahensgen.hensgen.de\/wp-content\/uploads\/2019\/11\/IMG_20191128_103525_778-150x150.jpg 150w, https:\/\/angelikahensgen.hensgen.de\/wp-content\/uploads\/2019\/11\/IMG_20191128_103525_778-300x300.jpg 300w, https:\/\/angelikahensgen.hensgen.de\/wp-content\/uploads\/2019\/11\/IMG_20191128_103525_778-768x768.jpg 768w, https:\/\/angelikahensgen.hensgen.de\/wp-content\/uploads\/2019\/11\/IMG_20191128_103525_778.jpg 1564w\" sizes=\"auto, (max-width: 1024px) 100vw, 1024px\" \/><\/figure>\n<\/li>\n<\/ul>\n<h4><span style=\"color: #000000;\">Fridays For Future &#8211; noch drei Tage bis zur Gro\u00dfdemo<\/span><\/h4>\n<p>Diesen Post setzte ich gestern auf Instagram, Facebook, Twitter&#8230;die gr\u00fcne Zahl ist der Countdown zum 29.11.19. Gleich werde ich den Eintrag f\u00fcr heute vornehmen. Das Foto muss noch vorbereitet werden. Die Angelegenheit ist dringend &#8211;<\/p>\n<ul class=\"wp-block-gallery aligncenter columns-1 is-cropped\">\n<li class=\"blocks-gallery-item\">&nbsp;<\/li>\n<\/ul>\n<p><!--StartFragment--><\/p>\n\n\n<p><\/p>\n\n\n\n<p><\/p>\n\n\n\n<p><\/p>\n\n\n\n<figure class=\"wp-block-gallery columns-1 is-cropped aligncenter wp-block-gallery-2 is-layout-flex wp-block-gallery-is-layout-flex\"><ul class=\"blocks-gallery-grid\"><li class=\"blocks-gallery-item\"><figure><img loading=\"lazy\" decoding=\"async\" width=\"1024\" height=\"1024\" src=\"https:\/\/angelikahensgen.hensgen.de\/wp-content\/uploads\/2019\/11\/IMG_20191126_103204_128-1024x1024.jpg\" alt=\"\" data-id=\"256\" data-link=\"https:\/\/angelikahensgen.hensgen.de\/?attachment_id=256\" class=\"wp-image-256\" srcset=\"https:\/\/angelikahensgen.hensgen.de\/wp-content\/uploads\/2019\/11\/IMG_20191126_103204_128-1024x1024.jpg 1024w, https:\/\/angelikahensgen.hensgen.de\/wp-content\/uploads\/2019\/11\/IMG_20191126_103204_128-150x150.jpg 150w, https:\/\/angelikahensgen.hensgen.de\/wp-content\/uploads\/2019\/11\/IMG_20191126_103204_128-300x300.jpg 300w, https:\/\/angelikahensgen.hensgen.de\/wp-content\/uploads\/2019\/11\/IMG_20191126_103204_128-768x768.jpg 768w, https:\/\/angelikahensgen.hensgen.de\/wp-content\/uploads\/2019\/11\/IMG_20191126_103204_128.jpg 1564w\" sizes=\"auto, (max-width: 1024px) 100vw, 1024px\" \/><\/figure><\/li><\/ul><\/figure>\n\n\n\n<p>wenn ich sehe, wie K\u00fcnstler*innen um Urheberrechte ringen,  Milit\u00e4rb\u00fcndnisse Aufr\u00fcstung anstreben, Politiker*Innen gucken , wer das  Sagen hat, haben soll, haben will, die Wirtschaft das &#8222;gr\u00fcne Wachstum&#8220; proklamiert, was  z. B. meint:  kurze Zeit f\u00fcr starkes Wachstum sorgen durch die energiereiche und ressourcenintensive Herstellung von E-Autos (bei der F\u00f6rderung von Lithium, das auch in Handyakkus steckt, werden in S\u00fcdamerika Unmengen umweltsch\u00e4dlichen Staubs frei und Unmengen an Wasser verbraucht, f\u00fcr 1 Tonne Lithium ca.1 Millionen Liter)&#8230; Hauptsache eben Wachstum, egal wie&#8230; dann f\u00fcrchte ich, leben die alle noch im vorigen Jahrtausend und bereiten unwissend das Ende der Menschheit vor. Oder nein, sie wissen es und denken &#8222;Nach uns die Sintflut&#8220;. Als Schriftstellerin m\u00f6chte ich hier den Literaturwissenschaftler, Kritiker, Schriftsteller und Musikwissenschaftler Hans Mayer ( 1907-2001) zitieren: <em>Man schreibt ja nicht ein Buch und Erinnerung, damit alles in einer Weltkatastrophe zugrunde geht, sondern man m\u00f6chte, dass es eine Nachwelt gibt.<\/em> Die jungen Menschen von FFF &#8211; es sind jetzt noch <strong>2<\/strong> Tage bis zur Gro\u00dfdemo am 29.11.2019 &#8211; brauchen jede Unterst\u00fctzung!!!<\/p>\n\n\n<p><!--EndFragment--><\/p>\n\n\n\n\n<p><\/p>\n","protected":false},"excerpt":{"rendered":"<p>Der 24.2.22 und kein Ende&#8230; Keine Ahnung, seit dem 1. M\u00e4rz hab ich hier nichts mehr eingetragen, damals dachte ich noch, wenn der Krieg vorbei ist, ja, dann &#8211; Freude, Jubel, die Entscheidungstr\u00e4ger*innen Europas, der Welt haben es endlich mal geschafft, einen Krieg schnell zu beenden. Aber das bringen sie nicht. Was f\u00fcr mich hei\u00dft: [&hellip;]<\/p>\n","protected":false},"author":1,"featured_media":0,"parent":0,"menu_order":0,"comment_status":"closed","ping_status":"closed","template":"","meta":{"footnotes":""},"class_list":["post-336","page","type-page","status-publish","hentry"],"_links":{"self":[{"href":"https:\/\/angelikahensgen.hensgen.de\/index.php?rest_route=\/wp\/v2\/pages\/336","targetHints":{"allow":["GET"]}}],"collection":[{"href":"https:\/\/angelikahensgen.hensgen.de\/index.php?rest_route=\/wp\/v2\/pages"}],"about":[{"href":"https:\/\/angelikahensgen.hensgen.de\/index.php?rest_route=\/wp\/v2\/types\/page"}],"author":[{"embeddable":true,"href":"https:\/\/angelikahensgen.hensgen.de\/index.php?rest_route=\/wp\/v2\/users\/1"}],"replies":[{"embeddable":true,"href":"https:\/\/angelikahensgen.hensgen.de\/index.php?rest_route=%2Fwp%2Fv2%2Fcomments&post=336"}],"version-history":[{"count":27,"href":"https:\/\/angelikahensgen.hensgen.de\/index.php?rest_route=\/wp\/v2\/pages\/336\/revisions"}],"predecessor-version":[{"id":556,"href":"https:\/\/angelikahensgen.hensgen.de\/index.php?rest_route=\/wp\/v2\/pages\/336\/revisions\/556"}],"wp:attachment":[{"href":"https:\/\/angelikahensgen.hensgen.de\/index.php?rest_route=%2Fwp%2Fv2%2Fmedia&parent=336"}],"curies":[{"name":"wp","href":"https:\/\/api.w.org\/{rel}","templated":true}]}}